{"id":6337,"date":"2023-08-29T15:04:16","date_gmt":"2023-08-29T13:04:16","guid":{"rendered":"https:\/\/fotomagico.com\/?post_type=user-manual&#038;p=6337"},"modified":"2023-09-07T18:36:50","modified_gmt":"2023-09-07T16:36:50","slug":"ref-ljudalternativ","status":"publish","type":"user-manual","link":"https:\/\/fotomagico.com\/sv\/user-manual\/reference\/ref-audio-options\/","title":{"rendered":"Ljudalternativ"},"content":{"rendered":"<p>Med inspekt\u00f6ren Ljudalternativ kan du \u00e4ndra inst\u00e4llningarna f\u00f6r valda ljudsp\u00e5r. Du kan g\u00f6ra \u00e4ndringar f\u00f6r flera sp\u00e5r samtidigt genom att markera flera sp\u00e5r i Storyboard\/Timeline innan du justerar inst\u00e4llningarna i inspekt\u00f6ren Ljudalternativ.<\/p>\n\n\n\n<figure class=\"wp-block-image size-full\"><picture><source srcset=\"https:\/\/fotomagico.com\/wp-content\/uploads\/2023\/06\/37e40d1d-94a4-4a7c-88a8-e6657820e6e2.png.webp 572w, https:\/\/fotomagico.com\/wp-content\/uploads\/2023\/06\/37e40d1d-94a4-4a7c-88a8-e6657820e6e2-287x300.png.webp 287w, https:\/\/fotomagico.com\/wp-content\/uploads\/2023\/06\/37e40d1d-94a4-4a7c-88a8-e6657820e6e2-11x12.png.webp 11w\" sizes=\"(max-width: 572px) 100vw, 572px\" type=\"image\/webp\"><img fetchpriority=\"high\" decoding=\"async\" width=\"572\" height=\"598\" src=\"https:\/\/fotomagico.com\/wp-content\/uploads\/2023\/06\/37e40d1d-94a4-4a7c-88a8-e6657820e6e2.png\" alt=\"\" class=\"wp-image-6341 webpexpress-processed\" srcset=\"https:\/\/fotomagico.com\/wp-content\/uploads\/2023\/06\/37e40d1d-94a4-4a7c-88a8-e6657820e6e2.png 572w, https:\/\/fotomagico.com\/wp-content\/uploads\/2023\/06\/37e40d1d-94a4-4a7c-88a8-e6657820e6e2-287x300.png 287w, https:\/\/fotomagico.com\/wp-content\/uploads\/2023\/06\/37e40d1d-94a4-4a7c-88a8-e6657820e6e2-11x12.png 11w\" sizes=\"(max-width: 572px) 100vw, 572px\"><\/picture><\/figure>\n\n\n\n<div id=\"mainbox\">\n    <p id=\"iconP\">\ud83d\udcac<\/p>\n    <div id=\"textP\"><p>Inspekt\u00f6ren Ljudalternativ \u00f6ppnas automatiskt n\u00e4r du dubbelklickar p\u00e5 ett ljudsp\u00e5r i Storyboard\/Timeline.<\/p><\/div>\n<\/div>\n\t\t<style>#mainbox{\n    background-color:rgb(248,248,248);\n    color:rgb(102,102,102);\n    padding:10px;\n    border: 1px solid rgb(248,248,248);\n    border-radius:4px;\n    display:flex !IMPORTANT;\n    flex-wrap: wrap;\n    flex-direction: row;\n    justify-content : flex-start;\n    align-items : flex-start\n    align-content : flex-start;\n    margin-top:30px;\n    margin-bottom: 30px;\n    \n}\n#iconP {\n    display:flex !IMPORTANT;\n    \n    width:40px;\n     align-content : flex-start;\n    \n}\n#textP{\n    display:flex !IMPORTANT;\n    flex-grow: 1;\n    width:200px;\n    padding:0;\n    margin:0;\n    align-content : flex-start;\n}<\/style>\n\t\t\n\n\n<h2 class=\"wp-block-heading\">Fil<\/h2>\n\n\n\n<p>N\u00e4r ett enskilt ljudsp\u00e5r har valts visas filnamnet p\u00e5 ljudfilen h\u00e4r. <\/p>\n\n\n\n<ul class=\"wp-block-list\">\n<li>Klicka p\u00e5 triangeln bredvid filnamnet f\u00f6r att visa kontrollerna f\u00f6r uppspelning av ljud f\u00f6r f\u00f6rhandsgranskning.<\/li>\n\n\n\n<li>V\u00e4lj <span class=\"item\" data-no-auto-translation=\"\">Get Info<\/span> i popup-menyn f\u00f6r \u00e5tg\u00e4rder f\u00f6r att visa information om ljudfilen.<\/li>\n\n\n\n<li>V\u00e4lj <span class=\"item\" data-no-auto-translation=\"\">Reveal in Finder<\/span> i popup-menyn f\u00f6r \u00e5tg\u00e4rder f\u00f6r att visa ljudfilen i ett Finder-f\u00f6nster.<\/li>\n\n\n\n<li>V\u00e4lj <span class=\"item\" data-no-auto-translation=\"\">Replace Media File\u2026<\/span> i popup-menyn f\u00f6r \u00e5tg\u00e4rder f\u00f6r att ers\u00e4tta ljudfilen, samtidigt som alla andra parametrar f\u00f6r sp\u00e5ret f\u00f6rblir intakta.<\/li>\n<\/ul>\n\n\n\n<p><i>*<\/i>N\u00e4r du byter ut filen i ett ljudsp\u00e5r som har ljudmark\u00f6rer m\u00e5ste du redigera ljudmark\u00f6rerna igen.<\/p>\n\n\n\n<div id=\"mainbox\">\n    <p id=\"iconP\">\ud83d\udcac<\/p>\n    <div id=\"textP\"><p>N\u00e4r du byter ut filen i ett ljudsp\u00e5r som har ljudmark\u00f6rer m\u00e5ste du redigera ljudmark\u00f6rerna igen.<\/p><\/div>\n<\/div>\n\n\n\n<h2 class=\"wp-block-heading\">Volym<\/h2>\n\n\n\n<p>Styr hur h\u00f6gt ljudet \u00e4r n\u00e4r videon spelas upp. Dra i volymreglaget eller ange ett numeriskt v\u00e4rde i textf\u00e4ltet bredvid reglaget.<\/p>\n\n\n\n<h2 class=\"wp-block-heading\">Anka<\/h2>\n\n\n\n<p>N\u00e4r Ducking \u00e4r aktiverat s\u00e4nks volymen p\u00e5 andra ljudsp\u00e5r med den angivna procentsatsen medan videon spelas upp. <\/p>\n\n\n\n<div id=\"mainbox\">\n    <p id=\"iconP\">\ud83d\udcac<\/p>\n    <div id=\"textP\"><p>Detta \u00e4r anv\u00e4ndbart f\u00f6r att s\u00e4nka volymen p\u00e5 en l\u00e5t i musiksp\u00e5ret, s\u00e5 att live-ljudet i videon kan h\u00f6ras tydligare.<\/p><\/div>\n<\/div>\n\n\n\n<div id=\"mainbox\">\n    <p id=\"iconP\">\ud83d\udcac<\/p>\n    <div id=\"textP\"><p>Att ange en ducking-faktor p\u00e5 100% inneb\u00e4r att andra ljudsp\u00e5r \u00e4r helt avst\u00e4ngda medan filmen spelas.<\/p><\/div>\n<\/div>\n\n\n\n<h2 class=\"wp-block-heading\">In- och utg\u00e5ngar<\/h2>\n\n\n\n<p>Ing\u00e5ngs- och utg\u00e5ngspunkterna definierar den del av ljudet som ska spelas upp. Detta g\u00f6rs genom att dra cirklarna in\u00e5t eller genom att ange tidskod i textf\u00e4lten. Ljudfilen i sig kommer inte att \u00e4ndras, s\u00e5 alla \u00e4ndringar kan \u00e5ngras n\u00e4r som helst.<\/p>\n\n\n\n<div id=\"mainbox\">\n    <p id=\"iconP\">\ud83d\udcac<\/p>\n    <div id=\"textP\"><p>Anv\u00e4nd jog-wheels f\u00f6r att finjustera in- eller utpunkten med st\u00f6rre precision.<\/p><\/div>\n<\/div>\n\n\n\n<h2 class=\"wp-block-heading\">Fadein &amp; Fadeout<\/h2>\n\n\n\n<p>Normalt tonas ljud automatiskt in i b\u00f6rjan och tonas ut i slutet av ett ljudsp\u00e5r. Hur l\u00e4nge dessa automatiska \u00f6vertoningar varar beror p\u00e5 den visuella \u00f6verg\u00e5ngen mellan intilliggande bilder. V\u00e4nligen se listan i <a href=\"https:\/\/fotomagico.com\/sv\/manual\/6\/en\/topic\/ref-overgangsalternativ\/\">\u00d6verg\u00e5ng <\/a><a href=\"https:\/\/fotomagico.com\/sv\/anvandarhandbok\/referens\/ref-overgangsalternativ\/\" data-type=\"user-manual\" data-id=\"6240\">Alternativ<\/a> f\u00f6r att ta reda p\u00e5 hur valet av \u00f6verg\u00e5ngar p\u00e5verkar de automatiska ljudfaderna.<\/p>\n\n\n\n<p>Ljudtoner kan ocks\u00e5 anpassas om du st\u00e4nger av kryssrutan Automatisk. I detta fall kommer reglagen f\u00f6r offset och varaktighet att aktiveras. <strong>Offset<\/strong> best\u00e4mmer starten p\u00e5 en in- eller uttoning (fr\u00e5n b\u00f6rjan av en bild), medan <strong>Varaktighet<\/strong> best\u00e4mmer l\u00e4ngden p\u00e5 sj\u00e4lva \u00f6vertoningen.<\/p>\n\n\n\n<figure class=\"wp-block-image size-full\"><picture><source srcset=\"https:\/\/fotomagico.com\/wp-content\/uploads\/2023\/06\/26a4a172-4d0c-485c-ae9f-e42565b7846f.png.webp 570w, https:\/\/fotomagico.com\/wp-content\/uploads\/2023\/06\/26a4a172-4d0c-485c-ae9f-e42565b7846f-300x280.png.webp 300w, https:\/\/fotomagico.com\/wp-content\/uploads\/2023\/06\/26a4a172-4d0c-485c-ae9f-e42565b7846f-13x12.png.webp 13w\" sizes=\"(max-width: 570px) 100vw, 570px\" type=\"image\/webp\"><img decoding=\"async\" width=\"570\" height=\"532\" src=\"https:\/\/fotomagico.com\/wp-content\/uploads\/2023\/06\/26a4a172-4d0c-485c-ae9f-e42565b7846f.png\" alt=\"\" class=\"wp-image-6342 webpexpress-processed\" srcset=\"https:\/\/fotomagico.com\/wp-content\/uploads\/2023\/06\/26a4a172-4d0c-485c-ae9f-e42565b7846f.png 570w, https:\/\/fotomagico.com\/wp-content\/uploads\/2023\/06\/26a4a172-4d0c-485c-ae9f-e42565b7846f-300x280.png 300w, https:\/\/fotomagico.com\/wp-content\/uploads\/2023\/06\/26a4a172-4d0c-485c-ae9f-e42565b7846f-13x12.png 13w\" sizes=\"(max-width: 570px) 100vw, 570px\"><\/picture><\/figure>\n\n\n\n<p>Du kan ocks\u00e5 st\u00e4lla in anpassade in- och uttoningar genom att klicka och dra i tidslinjen.<\/p>\n\n\n\n<ul class=\"wp-block-list\">\n<li>Dra den v\u00e4nstra kanten av ett ljudobjekt f\u00f6r att justera f\u00f6rskjutningen av intoningen.<\/li>\n\n\n\n<li>Dra i den lilla fyrkantiga gula punkten till v\u00e4nster i triangeln f\u00f6r att justera hur l\u00e4nge intoningen ska p\u00e5g\u00e5.<\/li>\n\n\n\n<li>Dra den lilla fyrkantiga gula punkten i den h\u00f6gra \u00e4nden av uttoningstriangeln f\u00f6r att justera uttoningens varaktighet.<\/li>\n\n\n\n<li>Dra den h\u00f6gra kanten av ett ljudobjekt f\u00f6r att justera fade-out-f\u00f6rskjutningen.<\/li>\n<\/ul>\n\n\n\n<figure class=\"wp-block-image size-full\"><picture><source srcset=\"https:\/\/fotomagico.com\/wp-content\/uploads\/2023\/06\/772dc0b0-12b1-44a2-b3e2-5d6814bd8d2b.png.webp 1000w, https:\/\/fotomagico.com\/wp-content\/uploads\/2023\/06\/772dc0b0-12b1-44a2-b3e2-5d6814bd8d2b-300x24.png.webp 300w, https:\/\/fotomagico.com\/wp-content\/uploads\/2023\/06\/772dc0b0-12b1-44a2-b3e2-5d6814bd8d2b-768x61.png.webp 768w, https:\/\/fotomagico.com\/wp-content\/uploads\/2023\/06\/772dc0b0-12b1-44a2-b3e2-5d6814bd8d2b-18x1.png.webp 18w\" sizes=\"(max-width: 1000px) 100vw, 1000px\" type=\"image\/webp\"><img decoding=\"async\" width=\"1000\" height=\"79\" src=\"https:\/\/fotomagico.com\/wp-content\/uploads\/2023\/06\/772dc0b0-12b1-44a2-b3e2-5d6814bd8d2b.png\" alt=\"\" class=\"wp-image-6343 webpexpress-processed\" srcset=\"https:\/\/fotomagico.com\/wp-content\/uploads\/2023\/06\/772dc0b0-12b1-44a2-b3e2-5d6814bd8d2b.png 1000w, https:\/\/fotomagico.com\/wp-content\/uploads\/2023\/06\/772dc0b0-12b1-44a2-b3e2-5d6814bd8d2b-300x24.png 300w, https:\/\/fotomagico.com\/wp-content\/uploads\/2023\/06\/772dc0b0-12b1-44a2-b3e2-5d6814bd8d2b-768x61.png 768w, https:\/\/fotomagico.com\/wp-content\/uploads\/2023\/06\/772dc0b0-12b1-44a2-b3e2-5d6814bd8d2b-18x1.png 18w\" sizes=\"(max-width: 1000px) 100vw, 1000px\"><\/picture><\/figure>\n\n\n\n<div id=\"mainbox\">\n    <p id=\"iconP\">\ud83d\udcac<\/p>\n    <div id=\"textP\"><p>Observera att ett ljudobjekt m\u00e5ste vara markerat, annars visas inte den gula volymkurvan, fade-in- och fade-out-trianglarna.<\/p><\/div>\n<\/div>\n\n\n\n<div id=\"mainbox\">\n    <p id=\"iconP\">\ud83d\udcac<\/p>\n    <div id=\"textP\"><p>Vissa kombinationer av bildl\u00e4ngd, fade-offset och fade-l\u00e4ngd \u00e4r inte m\u00f6jliga. N\u00e4r du drar offset eller varaktighet kan det andra v\u00e4rdet justeras automatiskt f\u00f6r att s\u00e4kerst\u00e4lla att endast giltiga kombinationer anv\u00e4nds.<\/p><\/div>\n<\/div>\n\n\n\n<h2 class=\"wp-block-heading\">Alternativ<\/h2>\n\n\n\n<p>Sl\u00e5 p\u00e5 <strong>Ljudloopar<\/strong> om du beh\u00f6ver upprepa ljud (en eller flera g\u00e5nger) om en ljudfil \u00e4r kortare \u00e4n den sekvens av diabilder som sp\u00e5ret omfattar. <\/p>\n\n\n\n<p>Om <strong>L\u00e4nkad till bilder<\/strong> \u00e4r aktiverat f\u00f6rs\u00f6ker ljudsp\u00e5ret alltid ligga kvar under samma bilder, \u00e4ven om bilder infogas eller tas bort f\u00f6re eller inom ljudsp\u00e5rets r\u00e4ckvidd. Om det h\u00e4r alternativet \u00e4r avst\u00e4ngt stannar ljudsp\u00e5ret d\u00e4r det \u00e4r n\u00e4r bilderna \u00e4ndras.<\/p>\n\n\n\n<p>N\u00e4r <strong>L\u00e5st tidtagning<\/strong> \u00e4r aktiverad, s\u00e5 hoppar \u00e4ven ljudet n\u00e4r du hoppar till en annan bild under uppspelningen. Detta \u00e4r viktigt f\u00f6r musik som synkroniseras med bilderna, eller f\u00f6r inspelad ber\u00e4ttarr\u00f6st, men mindre viktigt f\u00f6r atmosf\u00e4rseffekter som vind- eller regnljud. Av den anledningen kan du st\u00e4nga av det h\u00e4r alternativet f\u00f6r atmosf\u00e4rseffekter.<\/p>","protected":false},"excerpt":{"rendered":"<p>The Audio Options inspector lets you change settings of selected audio tracks. You can make changes to multiple tracks at once by selecting several tracks in the Storyboard\/Timeline before adjusting settings in the Audio Options inspector. File When a single audio track is selected, the filename of the audio file will be displayed here. *When [&hellip;]<\/p>\n","protected":false},"author":3,"featured_media":0,"parent":6205,"menu_order":33,"template":"","meta":{"_acf_changed":false,"footnotes":""},"categories":[45,43],"tags":[],"class_list":["post-6337","user-manual","type-user-manual","status-publish","hentry","category-mac","category-manual"],"acf":[],"_links":{"self":[{"href":"https:\/\/fotomagico.com\/sv\/wp-json\/wp\/v2\/user-manual\/6337","targetHints":{"allow":["GET"]}}],"collection":[{"href":"https:\/\/fotomagico.com\/sv\/wp-json\/wp\/v2\/user-manual"}],"about":[{"href":"https:\/\/fotomagico.com\/sv\/wp-json\/wp\/v2\/types\/user-manual"}],"author":[{"embeddable":true,"href":"https:\/\/fotomagico.com\/sv\/wp-json\/wp\/v2\/users\/3"}],"version-history":[{"count":5,"href":"https:\/\/fotomagico.com\/sv\/wp-json\/wp\/v2\/user-manual\/6337\/revisions"}],"predecessor-version":[{"id":7189,"href":"https:\/\/fotomagico.com\/sv\/wp-json\/wp\/v2\/user-manual\/6337\/revisions\/7189"}],"up":[{"embeddable":true,"href":"https:\/\/fotomagico.com\/sv\/wp-json\/wp\/v2\/user-manual\/6205"}],"wp:attachment":[{"href":"https:\/\/fotomagico.com\/sv\/wp-json\/wp\/v2\/media?parent=6337"}],"wp:term":[{"taxonomy":"category","embeddable":true,"href":"https:\/\/fotomagico.com\/sv\/wp-json\/wp\/v2\/categories?post=6337"},{"taxonomy":"post_tag","embeddable":true,"href":"https:\/\/fotomagico.com\/sv\/wp-json\/wp\/v2\/tags?post=6337"}],"curies":[{"name":"wp","href":"https:\/\/api.w.org\/{rel}","templated":true}]}}