{"id":6120,"date":"2023-08-08T20:47:24","date_gmt":"2023-08-08T18:47:24","guid":{"rendered":"https:\/\/fotomagico.com\/?post_type=user-manual&#038;p=6120"},"modified":"2024-04-30T11:10:10","modified_gmt":"2024-04-30T09:10:10","slug":"vagledande-text","status":"publish","type":"user-manual","link":"https:\/\/fotomagico.com\/sv\/user-manual\/guides\/guide-text\/","title":{"rendered":"L\u00e4gga till text"},"content":{"rendered":"<p>Du kan l\u00e4gga till ett textlager p\u00e5 tv\u00e5 olika s\u00e4tt:<\/p>\n\n\n\n<ul class=\"wp-block-list\">\n<li>V\u00e4lj en bild och klicka sedan p\u00e5 <strong>L\u00e4gg till text<\/strong> i verktygsf\u00e4ltet.<\/li>\n\n\n\n<li>Dra ett textmeddelande snippet fr\u00e5n <strong>Utdrag<\/strong> webbl\u00e4sare till Storyboard. H\u00e4nvisa till <a href=\"https:\/\/fotomagico.com\/sv\/anvandarhandbok\/guider-ipad\/med-snippets\/\" data-type=\"user-manual\" data-id=\"6973\">Anv\u00e4ndning av <\/a><a href=\"https:\/\/fotomagico.com\/sv\/anvandarhandbok\/guider\/vagledning-snippets\/\" data-type=\"user-manual\" data-id=\"6146\">Utdrag<\/a> f\u00f6r mer information.<\/li>\n<\/ul>\n\n\n\n<p>Dubbelklicka p\u00e5 textlagret f\u00f6r att b\u00f6rja redigera texten. N\u00e4r du redigerar ett textlager finns det bara tv\u00e5 kontrollpunkter p\u00e5 markeringsramen, en till v\u00e4nster och en till h\u00f6ger. Dra n\u00e5gon av dessa tv\u00e5 kontrollpunkter f\u00f6r att \u00e4ndra textlagrets bredd. Detta p\u00e5verkar radbrytningen f\u00f6r text med flera rader.<\/p>\n\n\n\n<figure class=\"wp-block-image size-large\"><picture><source srcset=\"https:\/\/fotomagico.com\/wp-content\/uploads\/2023\/06\/526532b4-a0fc-4c1a-8785-f80ead4ce64e-1024x574.png.webp 1024w, https:\/\/fotomagico.com\/wp-content\/uploads\/2023\/06\/526532b4-a0fc-4c1a-8785-f80ead4ce64e-300x168.png.webp 300w, https:\/\/fotomagico.com\/wp-content\/uploads\/2023\/06\/526532b4-a0fc-4c1a-8785-f80ead4ce64e-768x431.png.webp 768w, https:\/\/fotomagico.com\/wp-content\/uploads\/2023\/06\/526532b4-a0fc-4c1a-8785-f80ead4ce64e-18x10.png.webp 18w, https:\/\/fotomagico.com\/wp-content\/uploads\/2023\/06\/526532b4-a0fc-4c1a-8785-f80ead4ce64e.png.webp 1380w\" sizes=\"(max-width: 1024px) 100vw, 1024px\" type=\"image\/webp\"><img fetchpriority=\"high\" decoding=\"async\" width=\"1024\" height=\"574\" src=\"https:\/\/fotomagico.com\/wp-content\/uploads\/2023\/06\/526532b4-a0fc-4c1a-8785-f80ead4ce64e-1024x574.png\" alt=\"\" class=\"wp-image-6121 webpexpress-processed\" srcset=\"https:\/\/fotomagico.com\/wp-content\/uploads\/2023\/06\/526532b4-a0fc-4c1a-8785-f80ead4ce64e-1024x574.png 1024w, https:\/\/fotomagico.com\/wp-content\/uploads\/2023\/06\/526532b4-a0fc-4c1a-8785-f80ead4ce64e-300x168.png 300w, https:\/\/fotomagico.com\/wp-content\/uploads\/2023\/06\/526532b4-a0fc-4c1a-8785-f80ead4ce64e-768x431.png 768w, https:\/\/fotomagico.com\/wp-content\/uploads\/2023\/06\/526532b4-a0fc-4c1a-8785-f80ead4ce64e-18x10.png 18w, https:\/\/fotomagico.com\/wp-content\/uploads\/2023\/06\/526532b4-a0fc-4c1a-8785-f80ead4ce64e.png 1380w\" sizes=\"(max-width: 1024px) 100vw, 1024px\"><\/picture><\/figure>\n\n\n\n<p>F\u00f6r att avsluta redigeringen av ett textlager klickar du bara utanf\u00f6r lagret eller trycker p\u00e5 <kbd>Ange<\/kbd> p\u00e5 ett ut\u00f6kat tangentbord.<\/p>\n\n\n\n<h2 class=\"wp-block-heading\">Formatering av text<\/h2>\n\n\n\n<p>Text kan formateras med olika kommandon i <span class=\"menu\" data-no-auto-translation=\"\">Edit<\/span> menyn och OS X Font-panelen. Det \u00e4r dock mycket bekv\u00e4mare att anv\u00e4nda formateringskontrollerna i <a href=\"https:\/\/fotomagico.com\/sv\/anvandarhandbok\/referens\/alternativ-for-ref-text\/\" data-type=\"user-manual\" data-id=\"6324\">Alternativ f\u00f6r text<\/a>.<\/p>\n\n\n\n<figure class=\"wp-block-image size-full\"><picture><source srcset=\"https:\/\/fotomagico.com\/wp-content\/uploads\/2023\/06\/6d6a07eb-e808-430b-83f1-1f04fb01ef0f.png.webp 572w, https:\/\/fotomagico.com\/wp-content\/uploads\/2023\/06\/6d6a07eb-e808-430b-83f1-1f04fb01ef0f-263x300.png.webp 263w, https:\/\/fotomagico.com\/wp-content\/uploads\/2023\/06\/6d6a07eb-e808-430b-83f1-1f04fb01ef0f-11x12.png.webp 11w\" sizes=\"(max-width: 572px) 100vw, 572px\" type=\"image\/webp\"><img decoding=\"async\" width=\"572\" height=\"652\" src=\"https:\/\/fotomagico.com\/wp-content\/uploads\/2023\/06\/6d6a07eb-e808-430b-83f1-1f04fb01ef0f.png\" alt=\"\" class=\"wp-image-6122 webpexpress-processed\" srcset=\"https:\/\/fotomagico.com\/wp-content\/uploads\/2023\/06\/6d6a07eb-e808-430b-83f1-1f04fb01ef0f.png 572w, https:\/\/fotomagico.com\/wp-content\/uploads\/2023\/06\/6d6a07eb-e808-430b-83f1-1f04fb01ef0f-263x300.png 263w, https:\/\/fotomagico.com\/wp-content\/uploads\/2023\/06\/6d6a07eb-e808-430b-83f1-1f04fb01ef0f-11x12.png 11w\" sizes=\"(max-width: 572px) 100vw, 572px\"><\/picture><\/figure>\n\n\n\n<p>Anv\u00e4nd kontrollerna Teckensnitt, Stil, Storlek och F\u00e4rg f\u00f6r att snabbt \u00e4ndra textens stil.<\/p>\n\n\n\n<p>Anv\u00e4nd knapparna Justering f\u00f6r att v\u00e4lja v\u00e4nster-, h\u00f6ger-, mitt- eller blockjustering. Observera att f\u00f6r att justeringen ska vara riktigt anv\u00e4ndbar m\u00e5ste du ofta se till att textlagret har r\u00e4tt bredd. F\u00f6r att \u00e4ndra bredden p\u00e5 ett textlager drar du en av de tv\u00e5 kontrollpunkterna p\u00e5 markeringsramen och drar den \u00e5t v\u00e4nster eller h\u00f6ger tills du n\u00e5r \u00f6nskad bredd.<\/p>\n\n\n\n<p>Om du anv\u00e4nder formateringskontrollerna medan ett textlager \u00e4r i redigeringsl\u00e4ge g\u00e4ller kontrollerna f\u00f6r den markerade texten. P\u00e5 s\u00e5 s\u00e4tt kan du anv\u00e4nda text med flera stilar. Om du inte befinner dig i redigeringsl\u00e4ge g\u00e4ller alla formaterings\u00e4ndringar alltid f\u00f6r hela texten i ett lager.<\/p>\n\n\n\n<p>Anv\u00e4nd den <strong>Kerning<\/strong> och <strong>Ledande<\/strong> i avsnittet Avst\u00e5nd f\u00f6r att justera tecken- och radavst\u00e5nd.<\/p>\n\n\n\n<h2 class=\"wp-block-heading\">Platsh\u00e5llare f\u00f6r text<\/h2>\n\n\n\n<p>Textplatsh\u00e5llare \u00e4r symboler som kan infogas i ett textlager. De kommer att ers\u00e4ttas med de faktiska v\u00e4rdena n\u00e4r textlagret renderas f\u00f6r visning p\u00e5 sk\u00e4rmen. Ett exempel \u00e4r <code>&lt;AUTHOR&gt;<\/code>, som kommer att ers\u00e4ttas med ditt namn.<\/p>\n\n\n\n<p>F\u00f6r att infoga en platsh\u00e5llare, v\u00e4lj ett objekt fr\u00e5n listan <span class=\"item\" data-no-auto-translation=\"\">Insert Placeholder<\/span> i undermenyn <span class=\"menu\" data-no-auto-translation=\"\">Edit<\/span> meny. Du kan ocks\u00e5 skriva in platsh\u00e5llaren direkt, men i s\u00e5 fall m\u00e5ste du se till att du skriver in platsh\u00e5llaren exakt enligt beskrivningen i den h\u00e4r handboken. Eventuell textformatering som du till\u00e4mpar p\u00e5 platsh\u00e5llaren f\u00f6rblir intakt n\u00e4r platsh\u00e5llaren ers\u00e4tts med den verkliga informationen.<\/p>\n\n\n\n<p>F\u00f6ljande platsh\u00e5llare kan anges i f\u00e4ltet <strong>Information om bildspel<\/strong> avsnitt i <a href=\"https:\/\/fotomagico.com\/sv\/anvandarhandbok\/referens\/ref-installningar\/\" data-type=\"user-manual\" data-id=\"6209\">Inst\u00e4llningar<\/a>:<\/p>\n\n\n\n<figure class=\"wp-block-table\"><table><tbody><tr><td><code>&lt;SLIDESHOW-TITLE&gt;<\/code><\/td><td>Infogar titeln p\u00e5 bildspelet<\/td><\/tr><tr><td><code>&lt;SLIDESHOW-SUBTITLE&gt;<\/code><\/td><td>Infogar undertexten f\u00f6r bildspelet<\/td><\/tr><tr><td><code>&lt;SLIDESHOW-DESCRIPTION&gt;<\/code><\/td><td>Infogar beskrivningen av bildspelet<\/td><\/tr><tr><td><code>&lt;AUTHOR&gt;<\/code><\/td><td>Infogar f\u00f6rfattarens namn<\/td><\/tr><tr><td><code>&lt;ORGANIZATION&gt;<\/code><\/td><td>Infogar namnet p\u00e5 din organisation<\/td><\/tr><tr><td><code>.<\/code><\/td><td>Infogar information om upphovsr\u00e4tt<\/td><\/tr><tr><td><code>&lt;EMAIL&gt;<\/code><\/td><td>Infogar din e-postadress<\/td><\/tr><tr><td><code>&lt;URL<\/code><\/td><td>Infogar din webbsida <span class=\"caps\">URL<\/span><\/td><\/tr><\/tbody><\/table><\/figure>\n\n\n\n<p>F\u00f6ljande platsh\u00e5llare beror p\u00e5 inneh\u00e5llet i bildspelet:<\/p>\n\n\n\n<figure class=\"wp-block-table\"><table><tbody><tr><td><code>&lt;SLIDE-COUNT&gt;<\/code><\/td><td>Det totala antalet bilder i detta bildspel<\/td><\/tr><tr><td><code>&lt;SLIDE-NUMBER&gt;<\/code><\/td><td>Numret p\u00e5 den aktuella bilden<\/td><\/tr><tr><td><code>&lt;SLIDE-NOTES&gt;<\/code><\/td><td>Bildanteckningarna (f\u00f6r telepromptern) f\u00f6r den aktuella bilden<\/td><\/tr><tr><td><code>&lt;CHAPTER&gt;<\/code><\/td><td>Det aktuella kapitlets namn<\/td><\/tr><tr><td><code>&lt;TODAY&gt;<\/code><\/td><td>Dagens datum<\/td><\/tr><tr><td><code>&lt;SLIDESHOW-CREATION-DATE&gt;<\/code><\/td><td>Datum d\u00e5 bildspelet skapades<\/td><\/tr><tr><td><code>&lt;SLIDESHOW-CREATION-YEAR&gt;<\/code><\/td><td>\u00c5ret d\u00e5 detta bildspel skapades<\/td><\/tr><\/tbody><\/table><\/figure>\n\n\n\n<p>F\u00f6ljande platsh\u00e5llare \u00e4r alltid beroende av bildlagret <strong>direkt under<\/strong> textlagret som inneh\u00e5ller platsh\u00e5llaren:<\/p>\n\n\n\n<figure class=\"wp-block-table\"><table><tbody><tr><td><code>&lt;IMAGE-FILENAME&gt;<\/code><\/td><td>Filnamnet p\u00e5 bildfilen<\/td><\/tr><tr><td><code>(BILDTITEL)<\/code><\/td><td>Den <span class=\"caps\">EXIF<\/span> eller <span class=\"caps\">IPTC<\/span> bildtitel (om tillg\u00e4nglig) f\u00f6r bildfilen<\/td><\/tr><tr><td><code>&lt;IMAGE-CAPTION&gt;<\/code><\/td><td>Den <span class=\"caps\">EXIF<\/span> eller <span class=\"caps\">IPTC<\/span> bildtitel (om tillg\u00e4nglig) f\u00f6r bildfilen<\/td><\/tr><tr><td><code>&lt;CAPTURE-DATE&gt;<\/code><\/td><td>Datum f\u00f6r tagning av bilden<\/td><\/tr><tr><td><code>&lt;CAPTURE-TIME&gt;<\/code><\/td><td>Bildtagningstiden f\u00f6r bilden<\/td><\/tr><tr><td><code>&lt;EXPOSURE-TIME&gt;<\/code><\/td><td>Exponeringstiden f\u00f6r fotot<\/td><\/tr><tr><td><code>&lt;APERTURE&gt;<\/code><\/td><td>Bl\u00e4ndar\u00f6ppningen f\u00f6r fotot<\/td><\/tr><tr><td><code><BR><\/code><\/td><td>Fotografiets br\u00e4nnvidd<\/td><\/tr><tr><td><code>&lt;ISO-SPEED&gt;<\/code><\/td><td>Den <span class=\"caps\">ISO<\/span> hastighet f\u00f6r fotot<\/td><\/tr><\/tbody><\/table><\/figure>\n\n\n\n<p>F\u00f6ljande platsh\u00e5llare beror p\u00e5 alla ljudsp\u00e5r som ing\u00e5r i detta bildspel:<\/p>\n\n\n\n<figure class=\"wp-block-table\"><table><tbody><tr><td><code>&lt;AUDIO-SONGS&gt;<\/code><\/td><td>Namnet p\u00e5 alla l\u00e5tar som anv\u00e4nds i detta bildspel<\/td><\/tr><tr><td><code>.<\/code><\/td><td>Namnet p\u00e5 alla album som anv\u00e4nds i detta bildspel<\/td><\/tr><tr><td><code>&lt;AUDIO-ARTISTS&gt;<\/code><\/td><td>Namnet p\u00e5 alla ljudartister som anv\u00e4nds i detta bildspel<\/td><\/tr><tr><td><code>.<\/code><\/td><td>Den <span class=\"caps\">URL<\/span>s (om tillg\u00e4ngliga) f\u00f6r alla l\u00e5tar som anv\u00e4nds i bildspelet<\/td><\/tr><tr><td><code>&lt;AUDIO-CREDITS&gt;<\/code><\/td><td>Den fullst\u00e4ndiga ljudtexten f\u00f6r detta bildspel<\/td><\/tr><\/tbody><\/table><\/figure>\n\n\n\n<p>Platsh\u00e5llaren  \u00e4r grunden f\u00f6r bilden med musikreferenser, som kr\u00e4vs n\u00e4r du anv\u00e4nder n\u00e5gon av den royaltyfria Creative Commons-licensierade musiken. Se alltid till att du inkluderar en bild med musikkreditering i slutet av bildspelet!<\/p>\n\n\n\n<h2 class=\"wp-block-heading\">Effekter p\u00e5 text<\/h2>\n\n\n\n<p>Textlagereffekter som Mask, Bakgrund, Kant, Skugga och Osk\u00e4rpa kan anv\u00e4ndas f\u00f6r att \u00e5stadkomma olika intressanta saker:<\/p>\n\n\n\n<h3 class=\"wp-block-heading\">Textskugga<\/h3>\n\n\n\n<p>N\u00e4r du placerar ett textlager ovanp\u00e5 en bild, video eller karta kan texten ibland vara sv\u00e5r att l\u00e4sa om den har en liknande f\u00e4rg som bakgrunden. I det h\u00e4r fallet kan en skugga hj\u00e4lpa till att b\u00e4ttre separera texten fr\u00e5n bakgrunden.<\/p>\n\n\n\n<figure class=\"wp-block-image size-large\"><picture><source srcset=\"https:\/\/fotomagico.com\/wp-content\/uploads\/2023\/06\/33f290c8-460e-4cdd-aa9f-c00112f167a6-1024x444.png.webp 1024w, https:\/\/fotomagico.com\/wp-content\/uploads\/2023\/06\/33f290c8-460e-4cdd-aa9f-c00112f167a6-300x130.png.webp 300w, https:\/\/fotomagico.com\/wp-content\/uploads\/2023\/06\/33f290c8-460e-4cdd-aa9f-c00112f167a6-768x333.png.webp 768w, https:\/\/fotomagico.com\/wp-content\/uploads\/2023\/06\/33f290c8-460e-4cdd-aa9f-c00112f167a6-1536x667.png.webp 1536w, https:\/\/fotomagico.com\/wp-content\/uploads\/2023\/06\/33f290c8-460e-4cdd-aa9f-c00112f167a6-18x8.png.webp 18w, https:\/\/fotomagico.com\/wp-content\/uploads\/2023\/06\/33f290c8-460e-4cdd-aa9f-c00112f167a6.png.webp 1590w\" sizes=\"(max-width: 1024px) 100vw, 1024px\" type=\"image\/webp\"><img decoding=\"async\" width=\"1024\" height=\"444\" src=\"https:\/\/fotomagico.com\/wp-content\/uploads\/2023\/06\/33f290c8-460e-4cdd-aa9f-c00112f167a6-1024x444.png\" alt=\"\" class=\"wp-image-6123 webpexpress-processed\" srcset=\"https:\/\/fotomagico.com\/wp-content\/uploads\/2023\/06\/33f290c8-460e-4cdd-aa9f-c00112f167a6-1024x444.png 1024w, https:\/\/fotomagico.com\/wp-content\/uploads\/2023\/06\/33f290c8-460e-4cdd-aa9f-c00112f167a6-300x130.png 300w, https:\/\/fotomagico.com\/wp-content\/uploads\/2023\/06\/33f290c8-460e-4cdd-aa9f-c00112f167a6-768x333.png 768w, https:\/\/fotomagico.com\/wp-content\/uploads\/2023\/06\/33f290c8-460e-4cdd-aa9f-c00112f167a6-1536x667.png 1536w, https:\/\/fotomagico.com\/wp-content\/uploads\/2023\/06\/33f290c8-460e-4cdd-aa9f-c00112f167a6-18x8.png 18w, https:\/\/fotomagico.com\/wp-content\/uploads\/2023\/06\/33f290c8-460e-4cdd-aa9f-c00112f167a6.png 1590w\" sizes=\"(max-width: 1024px) 100vw, 1024px\"><\/picture><\/figure>\n\n\n\n<h3 class=\"wp-block-heading\">L\u00e4gre tredjedelar<\/h3>\n\n\n\n<p>Det snabbaste s\u00e4ttet att skapa en nedre tredjedel \u00e4r att dra en f\u00f6rbyggd text f\u00f6r nedre tredjedel snippet fr\u00e5n <a href=\"https:\/\/fotomagico.com\/sv\/anvandarhandbok\/guider\/vagledning-snippets\/\" data-type=\"user-manual\" data-id=\"6146\">Webbl\u00e4sare f\u00f6r utdrag<\/a>. Men du kan ocks\u00e5 skapa l\u00e4gre tredjedelar manuellt:<\/p>\n\n\n\n<ul class=\"wp-block-list\">\n<li>Aktivera bakgrundseffekten p\u00e5 ett textlager<\/li>\n\n\n\n<li>V\u00e4lj <strong>Box<\/strong> form<\/li>\n\n\n\n<li>Justera <strong>Vaddering H<\/strong> och <strong>Fyllning V<\/strong> v\u00e4rden f\u00f6r att f\u00e5 \u00f6nskad text insatt fr\u00e5n boxens kanter<\/li>\n\n\n\n<li>V\u00e4lj en bakgrundsf\u00e4rg och minska opaciteten<\/li>\n\n\n\n<li>\u00d6ppna textredigeringsl\u00e4get och justera textlagrets bredd s\u00e5 att den matchar scenens bredd<\/li>\n<\/ul>\n\n\n\n<figure class=\"wp-block-image size-large\"><picture><source srcset=\"https:\/\/fotomagico.com\/wp-content\/uploads\/2023\/06\/a53931d9-15ff-45f6-be23-9652cef731b0-1024x280.png.webp 1024w, https:\/\/fotomagico.com\/wp-content\/uploads\/2023\/06\/a53931d9-15ff-45f6-be23-9652cef731b0-300x82.png.webp 300w, https:\/\/fotomagico.com\/wp-content\/uploads\/2023\/06\/a53931d9-15ff-45f6-be23-9652cef731b0-768x210.png.webp 768w, https:\/\/fotomagico.com\/wp-content\/uploads\/2023\/06\/a53931d9-15ff-45f6-be23-9652cef731b0-1536x419.png.webp 1536w, https:\/\/fotomagico.com\/wp-content\/uploads\/2023\/06\/a53931d9-15ff-45f6-be23-9652cef731b0-18x5.png.webp 18w, https:\/\/fotomagico.com\/wp-content\/uploads\/2023\/06\/a53931d9-15ff-45f6-be23-9652cef731b0.png.webp 2048w\" sizes=\"(max-width: 1024px) 100vw, 1024px\" type=\"image\/webp\"><img loading=\"lazy\" decoding=\"async\" width=\"1024\" height=\"280\" src=\"https:\/\/fotomagico.com\/wp-content\/uploads\/2023\/06\/a53931d9-15ff-45f6-be23-9652cef731b0-1024x280.png\" alt=\"\" class=\"wp-image-6124 webpexpress-processed\" srcset=\"https:\/\/fotomagico.com\/wp-content\/uploads\/2023\/06\/a53931d9-15ff-45f6-be23-9652cef731b0-1024x280.png 1024w, https:\/\/fotomagico.com\/wp-content\/uploads\/2023\/06\/a53931d9-15ff-45f6-be23-9652cef731b0-300x82.png 300w, https:\/\/fotomagico.com\/wp-content\/uploads\/2023\/06\/a53931d9-15ff-45f6-be23-9652cef731b0-768x210.png 768w, https:\/\/fotomagico.com\/wp-content\/uploads\/2023\/06\/a53931d9-15ff-45f6-be23-9652cef731b0-1536x419.png 1536w, https:\/\/fotomagico.com\/wp-content\/uploads\/2023\/06\/a53931d9-15ff-45f6-be23-9652cef731b0-18x5.png 18w, https:\/\/fotomagico.com\/wp-content\/uploads\/2023\/06\/a53931d9-15ff-45f6-be23-9652cef731b0.png 2048w\" sizes=\"(max-width: 1024px) 100vw, 1024px\"><\/picture><\/figure>\n\n\n\n<h3 class=\"wp-block-heading\">Talbubblor<\/h3>\n\n\n\n<p>F\u00f6r att skapa tal-, tanke- eller handlingsbubblor kan du \u00e5terigen anv\u00e4nda den f\u00f6rbyggda snippets fr\u00e5n <a href=\"https:\/\/fotomagico.com\/sv\/anvandarhandbok\/guider\/vagledning-snippets\/\" data-type=\"user-manual\" data-id=\"6146\">Webbl\u00e4sare f\u00f6r utdrag<\/a>. S\u00e5 h\u00e4r skapar du pratbubblor manuellt<\/p>\n\n\n\n<ul class=\"wp-block-list\">\n<li>Aktivera bakgrundseffekten p\u00e5 ett textlager<\/li>\n\n\n\n<li>V\u00e4lj <strong>Talbubbla<\/strong> form<\/li>\n\n\n\n<li>Justera <strong>Vaddering H<\/strong> och <strong>Fyllning V<\/strong> v\u00e4rden f\u00f6r att f\u00e5 \u00f6nskad text insatt fr\u00e5n boxens kanter<\/li>\n\n\n\n<li>V\u00e4lj en vit bakgrundsf\u00e4rg och svart textf\u00e4rg<\/li>\n\n\n\n<li>Aktivera gr\u00e4nseffekten med svart f\u00e4rg<\/li>\n\n\n\n<li>Dra pratbubblans svans till en l\u00e4mplig plats, t.ex. n\u00e4ra huvudet p\u00e5 en person<\/li>\n<\/ul>\n\n\n\n<figure class=\"wp-block-image size-full\"><picture><source srcset=\"https:\/\/fotomagico.com\/wp-content\/uploads\/2023\/06\/fm-mac-text-speech-bubble-en.png.webp 1000w, https:\/\/fotomagico.com\/wp-content\/uploads\/2023\/06\/fm-mac-text-speech-bubble-en-300x134.png.webp 300w, https:\/\/fotomagico.com\/wp-content\/uploads\/2023\/06\/fm-mac-text-speech-bubble-en-768x342.png.webp 768w, https:\/\/fotomagico.com\/wp-content\/uploads\/2023\/06\/fm-mac-text-speech-bubble-en-18x8.png.webp 18w\" sizes=\"(max-width: 1000px) 100vw, 1000px\" type=\"image\/webp\"><img loading=\"lazy\" decoding=\"async\" width=\"1000\" height=\"445\" src=\"https:\/\/fotomagico.com\/wp-content\/uploads\/2023\/06\/fm-mac-text-speech-bubble-en.png\" alt=\"guide-text\" class=\"wp-image-6131 webpexpress-processed\" srcset=\"https:\/\/fotomagico.com\/wp-content\/uploads\/2023\/06\/fm-mac-text-speech-bubble-en.png 1000w, https:\/\/fotomagico.com\/wp-content\/uploads\/2023\/06\/fm-mac-text-speech-bubble-en-300x134.png 300w, https:\/\/fotomagico.com\/wp-content\/uploads\/2023\/06\/fm-mac-text-speech-bubble-en-768x342.png 768w, https:\/\/fotomagico.com\/wp-content\/uploads\/2023\/06\/fm-mac-text-speech-bubble-en-18x8.png 18w\" sizes=\"(max-width: 1000px) 100vw, 1000px\"><\/picture><\/figure>","protected":false},"excerpt":{"rendered":"<p>You can add a text layer in two different ways: Double click the text layer to start editing the text. While editing a text layer, there are only two control points on the selection frame, one on the left and one on the right. Drag any of these two control points to change the width [&hellip;]<\/p>\n","protected":false},"author":3,"featured_media":0,"parent":6050,"menu_order":32,"template":"","meta":{"_acf_changed":false,"footnotes":""},"categories":[45,43],"tags":[],"class_list":["post-6120","user-manual","type-user-manual","status-publish","hentry","category-mac","category-manual"],"acf":[],"_links":{"self":[{"href":"https:\/\/fotomagico.com\/sv\/wp-json\/wp\/v2\/user-manual\/6120","targetHints":{"allow":["GET"]}}],"collection":[{"href":"https:\/\/fotomagico.com\/sv\/wp-json\/wp\/v2\/user-manual"}],"about":[{"href":"https:\/\/fotomagico.com\/sv\/wp-json\/wp\/v2\/types\/user-manual"}],"author":[{"embeddable":true,"href":"https:\/\/fotomagico.com\/sv\/wp-json\/wp\/v2\/users\/3"}],"version-history":[{"count":5,"href":"https:\/\/fotomagico.com\/sv\/wp-json\/wp\/v2\/user-manual\/6120\/revisions"}],"predecessor-version":[{"id":7200,"href":"https:\/\/fotomagico.com\/sv\/wp-json\/wp\/v2\/user-manual\/6120\/revisions\/7200"}],"up":[{"embeddable":true,"href":"https:\/\/fotomagico.com\/sv\/wp-json\/wp\/v2\/user-manual\/6050"}],"wp:attachment":[{"href":"https:\/\/fotomagico.com\/sv\/wp-json\/wp\/v2\/media?parent=6120"}],"wp:term":[{"taxonomy":"category","embeddable":true,"href":"https:\/\/fotomagico.com\/sv\/wp-json\/wp\/v2\/categories?post=6120"},{"taxonomy":"post_tag","embeddable":true,"href":"https:\/\/fotomagico.com\/sv\/wp-json\/wp\/v2\/tags?post=6120"}],"curies":[{"name":"wp","href":"https:\/\/api.w.org\/{rel}","templated":true}]}}