{"id":6101,"date":"2023-06-30T16:38:33","date_gmt":"2023-06-30T14:38:33","guid":{"rendered":"https:\/\/fotomagico.com\/?post_type=user-manual&#038;p=6101"},"modified":"2023-09-07T18:48:03","modified_gmt":"2023-09-07T16:48:03","slug":"audio-guia","status":"publish","type":"user-manual","link":"https:\/\/fotomagico.com\/pt-pt\/user-manual\/guides\/guide-audio\/","title":{"rendered":"Utilizar \u00e1udio"},"content":{"rendered":"<p>O FotoMagico oferece at\u00e9 3 faixas para conte\u00fados \u00e1udio. As tr\u00eas faixas dedicadas s\u00e3o, na verdade, apenas uma recomenda\u00e7\u00e3o. Se quiser, pode colocar qualquer conte\u00fado \u00e1udio em qualquer faixa.<\/p>\n\n\n\n<figure class=\"wp-block-image size-large\"><picture><source srcset=\"https:\/\/fotomagico.com\/wp-content\/uploads\/2023\/06\/0a0604e9-1cca-4fee-bc7a-02ad96da2d6b-1024x121.png.webp 1024w, https:\/\/fotomagico.com\/wp-content\/uploads\/2023\/06\/0a0604e9-1cca-4fee-bc7a-02ad96da2d6b-300x35.png.webp 300w, https:\/\/fotomagico.com\/wp-content\/uploads\/2023\/06\/0a0604e9-1cca-4fee-bc7a-02ad96da2d6b-768x90.png.webp 768w, https:\/\/fotomagico.com\/wp-content\/uploads\/2023\/06\/0a0604e9-1cca-4fee-bc7a-02ad96da2d6b-1536x181.png.webp 1536w, https:\/\/fotomagico.com\/wp-content\/uploads\/2023\/06\/0a0604e9-1cca-4fee-bc7a-02ad96da2d6b-18x2.png.webp 18w, https:\/\/fotomagico.com\/wp-content\/uploads\/2023\/06\/0a0604e9-1cca-4fee-bc7a-02ad96da2d6b.png.webp 1920w\" sizes=\"(max-width: 1024px) 100vw, 1024px\" type=\"image\/webp\"><img fetchpriority=\"high\" decoding=\"async\" width=\"1024\" height=\"121\" src=\"https:\/\/fotomagico.com\/wp-content\/uploads\/2023\/06\/0a0604e9-1cca-4fee-bc7a-02ad96da2d6b-1024x121.png\" alt=\"\" class=\"wp-image-6102 webpexpress-processed\" srcset=\"https:\/\/fotomagico.com\/wp-content\/uploads\/2023\/06\/0a0604e9-1cca-4fee-bc7a-02ad96da2d6b-1024x121.png 1024w, https:\/\/fotomagico.com\/wp-content\/uploads\/2023\/06\/0a0604e9-1cca-4fee-bc7a-02ad96da2d6b-300x35.png 300w, https:\/\/fotomagico.com\/wp-content\/uploads\/2023\/06\/0a0604e9-1cca-4fee-bc7a-02ad96da2d6b-768x90.png 768w, https:\/\/fotomagico.com\/wp-content\/uploads\/2023\/06\/0a0604e9-1cca-4fee-bc7a-02ad96da2d6b-1536x181.png 1536w, https:\/\/fotomagico.com\/wp-content\/uploads\/2023\/06\/0a0604e9-1cca-4fee-bc7a-02ad96da2d6b-18x2.png 18w, https:\/\/fotomagico.com\/wp-content\/uploads\/2023\/06\/0a0604e9-1cca-4fee-bc7a-02ad96da2d6b.png 1920w\" sizes=\"(max-width: 1024px) 100vw, 1024px\"><\/picture><\/figure>\n\n\n\n<ol class=\"wp-block-list\">\n<li>O <strong>M\u00fasica<\/strong> A faixa cont\u00e9m can\u00e7\u00f5es que definem o ambiente.<\/li>\n\n\n\n<li>O <strong>Ambiente<\/strong> A faixa cont\u00e9m efeitos sonoros, por exemplo, vento ou chuva.<\/li>\n\n\n\n<li>O <strong>Narra\u00e7\u00e3o<\/strong> A faixa cont\u00e9m locu\u00e7\u00f5es.<\/li>\n<\/ol>\n\n\n\n<h2 class=\"wp-block-heading\">Adicionar \u00e1udio<\/h2>\n\n\n\n<p>Para adicionar \u00e1udio ao seu slideshow, arraste um ficheiro de \u00e1udio para o Storyboard. Um destaque amarelo indicar\u00e1 onde o \u00e1udio ser\u00e1 colocado depois de arrastado. Pode arrastar ficheiros de \u00e1udio de:<\/p>\n\n\n\n<ul class=\"wp-block-list\">\n<li><a href=\"https:\/\/fotomagico.com\/pt-pt\/manual-do-utilizador\/referencia\/navegadores-ref-media\/\" data-type=\"user-manual\" data-id=\"6222\">Navegador de \u00e1udio<\/a> na barra lateral<\/li>\n\n\n\n<li>A sec\u00e7\u00e3o de m\u00fasica do <a href=\"https:\/\/fotomagico.com\/pt-pt\/manual\/6\/en\/topic\/navegadores-ref-media\/\">Fragmento <\/a><a href=\"https:\/\/fotomagico.com\/pt-pt\/manual-do-utilizador\/referencia\/navegadores-ref-media\/\" data-type=\"user-manual\" data-id=\"6222\">Navegador<\/a> na barra lateral<\/li>\n\n\n\n<li>Uma pasta do Finder<\/li>\n<\/ul>\n\n\n\n<figure class=\"wp-block-image size-large\"><picture><source srcset=\"https:\/\/fotomagico.com\/wp-content\/uploads\/2023\/06\/e37d206c-7e9a-45d7-9190-309fc88a6632-1024x576.png.webp 1024w, https:\/\/fotomagico.com\/wp-content\/uploads\/2023\/06\/e37d206c-7e9a-45d7-9190-309fc88a6632-300x169.png.webp 300w, https:\/\/fotomagico.com\/wp-content\/uploads\/2023\/06\/e37d206c-7e9a-45d7-9190-309fc88a6632-768x432.png.webp 768w, https:\/\/fotomagico.com\/wp-content\/uploads\/2023\/06\/e37d206c-7e9a-45d7-9190-309fc88a6632-1536x864.png.webp 1536w, https:\/\/fotomagico.com\/wp-content\/uploads\/2023\/06\/e37d206c-7e9a-45d7-9190-309fc88a6632-18x10.png.webp 18w, https:\/\/fotomagico.com\/wp-content\/uploads\/2023\/06\/e37d206c-7e9a-45d7-9190-309fc88a6632.png.webp 1920w\" sizes=\"(max-width: 1024px) 100vw, 1024px\" type=\"image\/webp\"><img decoding=\"async\" width=\"1024\" height=\"576\" src=\"https:\/\/fotomagico.com\/wp-content\/uploads\/2023\/06\/e37d206c-7e9a-45d7-9190-309fc88a6632-1024x576.png\" alt=\"\" class=\"wp-image-6103 webpexpress-processed\" srcset=\"https:\/\/fotomagico.com\/wp-content\/uploads\/2023\/06\/e37d206c-7e9a-45d7-9190-309fc88a6632-1024x576.png 1024w, https:\/\/fotomagico.com\/wp-content\/uploads\/2023\/06\/e37d206c-7e9a-45d7-9190-309fc88a6632-300x169.png 300w, https:\/\/fotomagico.com\/wp-content\/uploads\/2023\/06\/e37d206c-7e9a-45d7-9190-309fc88a6632-768x432.png 768w, https:\/\/fotomagico.com\/wp-content\/uploads\/2023\/06\/e37d206c-7e9a-45d7-9190-309fc88a6632-1536x864.png 1536w, https:\/\/fotomagico.com\/wp-content\/uploads\/2023\/06\/e37d206c-7e9a-45d7-9190-309fc88a6632-18x10.png 18w, https:\/\/fotomagico.com\/wp-content\/uploads\/2023\/06\/e37d206c-7e9a-45d7-9190-309fc88a6632.png 1920w\" sizes=\"(max-width: 1024px) 100vw, 1024px\"><\/picture><\/figure>\n\n\n\n<p>Para mover uma faixa de \u00e1udio, basta arrast\u00e1-la para uma nova localiza\u00e7\u00e3o no Storyboard.<\/p>\n\n\n\n<h2 class=\"wp-block-heading\">Ajustar a dura\u00e7\u00e3o da faixa de \u00e1udio<\/h2>\n\n\n\n<p>Se pretender alterar o tempo de vida de uma faixa de \u00e1udio (ou seja, o n\u00famero de diapositivos que abrange), basta clicar e arrastar as extremidades esquerda ou direita para ajustar o tempo de vida da faixa de \u00e1udio.<\/p>\n\n\n\n<figure class=\"wp-block-image size-large\"><picture><source srcset=\"https:\/\/fotomagico.com\/wp-content\/uploads\/2023\/06\/f6354303-21bf-48af-93b5-af85fd2315d7-1024x222.png.webp 1024w, https:\/\/fotomagico.com\/wp-content\/uploads\/2023\/06\/f6354303-21bf-48af-93b5-af85fd2315d7-300x65.png.webp 300w, https:\/\/fotomagico.com\/wp-content\/uploads\/2023\/06\/f6354303-21bf-48af-93b5-af85fd2315d7-768x167.png.webp 768w, https:\/\/fotomagico.com\/wp-content\/uploads\/2023\/06\/f6354303-21bf-48af-93b5-af85fd2315d7-1536x334.png.webp 1536w, https:\/\/fotomagico.com\/wp-content\/uploads\/2023\/06\/f6354303-21bf-48af-93b5-af85fd2315d7-18x4.png.webp 18w, https:\/\/fotomagico.com\/wp-content\/uploads\/2023\/06\/f6354303-21bf-48af-93b5-af85fd2315d7.png.webp 2044w\" sizes=\"(max-width: 1024px) 100vw, 1024px\" type=\"image\/webp\"><img decoding=\"async\" width=\"1024\" height=\"222\" src=\"https:\/\/fotomagico.com\/wp-content\/uploads\/2023\/06\/f6354303-21bf-48af-93b5-af85fd2315d7-1024x222.png\" alt=\"\" class=\"wp-image-6104 webpexpress-processed\" srcset=\"https:\/\/fotomagico.com\/wp-content\/uploads\/2023\/06\/f6354303-21bf-48af-93b5-af85fd2315d7-1024x222.png 1024w, https:\/\/fotomagico.com\/wp-content\/uploads\/2023\/06\/f6354303-21bf-48af-93b5-af85fd2315d7-300x65.png 300w, https:\/\/fotomagico.com\/wp-content\/uploads\/2023\/06\/f6354303-21bf-48af-93b5-af85fd2315d7-768x167.png 768w, https:\/\/fotomagico.com\/wp-content\/uploads\/2023\/06\/f6354303-21bf-48af-93b5-af85fd2315d7-1536x334.png 1536w, https:\/\/fotomagico.com\/wp-content\/uploads\/2023\/06\/f6354303-21bf-48af-93b5-af85fd2315d7-18x4.png 18w, https:\/\/fotomagico.com\/wp-content\/uploads\/2023\/06\/f6354303-21bf-48af-93b5-af85fd2315d7.png 2044w\" sizes=\"(max-width: 1024px) 100vw, 1024px\"><\/picture><\/figure>\n\n\n\n<h2 class=\"wp-block-heading\">Op\u00e7\u00f5es de \u00e1udio<\/h2>\n\n\n\n<p>O m\u00e9todo mais simples para controlar o volume de uma \u00fanica faixa de \u00e1udio \u00e9 seleccion\u00e1-la no Storyboard ou na Linha de tempo e, em seguida, utilizar o cursor de volume no <a href=\"https:\/\/fotomagico.com\/pt-pt\/manual-do-utilizador\/referencia\/ref-audio-options\/\" data-type=\"user-manual\" data-id=\"6337\">Op\u00e7\u00f5es de \u00e1udio<\/a> na barra lateral. Note que um duplo clique na faixa de \u00e1udio muda automaticamente a barra lateral para as op\u00e7\u00f5es.<\/p>\n\n\n\n<figure class=\"wp-block-image size-full\"><picture><source srcset=\"https:\/\/fotomagico.com\/wp-content\/uploads\/2023\/06\/e4c676fa-cba6-4224-82e6-3511d8db2f3d.png.webp 572w, https:\/\/fotomagico.com\/wp-content\/uploads\/2023\/06\/e4c676fa-cba6-4224-82e6-3511d8db2f3d-287x300.png.webp 287w, https:\/\/fotomagico.com\/wp-content\/uploads\/2023\/06\/e4c676fa-cba6-4224-82e6-3511d8db2f3d-11x12.png.webp 11w\" sizes=\"(max-width: 572px) 100vw, 572px\" type=\"image\/webp\"><img loading=\"lazy\" decoding=\"async\" width=\"572\" height=\"598\" src=\"https:\/\/fotomagico.com\/wp-content\/uploads\/2023\/06\/e4c676fa-cba6-4224-82e6-3511d8db2f3d.png\" alt=\"\" class=\"wp-image-6105 webpexpress-processed\" srcset=\"https:\/\/fotomagico.com\/wp-content\/uploads\/2023\/06\/e4c676fa-cba6-4224-82e6-3511d8db2f3d.png 572w, https:\/\/fotomagico.com\/wp-content\/uploads\/2023\/06\/e4c676fa-cba6-4224-82e6-3511d8db2f3d-287x300.png 287w, https:\/\/fotomagico.com\/wp-content\/uploads\/2023\/06\/e4c676fa-cba6-4224-82e6-3511d8db2f3d-11x12.png 11w\" sizes=\"(max-width: 572px) 100vw, 572px\"><\/picture><\/figure>\n\n\n\n<h2 class=\"wp-block-heading\">Abaixar<\/h2>\n\n\n\n<p>Ducking \u00e9 uma t\u00e9cnica que \u00e9 utilizada para baixar temporariamente o volume de outras faixas de \u00e1udio numa quantidade espec\u00edfica. Isto \u00e9 \u00fatil em situa\u00e7\u00f5es como:<\/p>\n\n\n\n<ul class=\"wp-block-list\">\n<li>Quando um v\u00eddeo com \u00e1udio gravado est\u00e1 a ser reproduzido<\/li>\n\n\n\n<li>Quando a narra\u00e7\u00e3o gravada est\u00e1 a ser reproduzida<\/li>\n\n\n\n<li>Quando um efeito sonoro est\u00e1 a ser reproduzido<\/li>\n<\/ul>\n\n\n\n<p>Em cada um dos casos mencionados, o volume da m\u00fasica \u00e9 temporariamente reduzido para que as vozes, di\u00e1logos ou outros sons n\u00e3o sejam abafados pela m\u00fasica. Para utilizar a redu\u00e7\u00e3o, seleccione um item de \u00e1udio que pretende que seja claramente aud\u00edvel e, em seguida, active a redu\u00e7\u00e3o clicando na caixa de verifica\u00e7\u00e3o e especifique a percentagem pela qual todas as outras faixas de \u00e1udio devem ser reduzidas. Se introduzir 40%, as outras faixas ser\u00e3o reproduzidas a 60% do seu volume original.<\/p>\n\n\n\n<h2 class=\"wp-block-heading\">Fadein &amp; Fadeout<\/h2>\n\n\n\n<p>Os fades de \u00e1udio ocorrem no in\u00edcio e no fim de uma faixa de \u00e1udio. Por defeito, a dura\u00e7\u00e3o do fadein e a dura\u00e7\u00e3o do fadeout s\u00e3o autom\u00e1ticas e s\u00e3o iguais \u00e0s dura\u00e7\u00f5es das transi\u00e7\u00f5es visuais diretamente acima delas. Na maioria dos casos, isto \u00e9 adequado. Em algumas situa\u00e7\u00f5es, pode querer personalizar estes fades de \u00e1udio.<\/p>\n\n\n\n<p>\u00c9 poss\u00edvel modificar os fades de \u00e1udio no <a href=\"https:\/\/fotomagico.com\/pt-pt\/manual-do-utilizador\/referencia\/ref-audio-options\/\" data-type=\"user-manual\" data-id=\"6337\">Op\u00e7\u00f5es de \u00e1udio<\/a>. Na vista de Linha de tempo tamb\u00e9m pode modificar diretamente os fades de \u00e1udio. O fadein e o fadeout s\u00e3o visualizados como tri\u00e2ngulos amarelos sombreados na pista de \u00e1udio.<\/p>\n\n\n\n<figure class=\"wp-block-image size-large\"><picture><source srcset=\"https:\/\/fotomagico.com\/wp-content\/uploads\/2023\/06\/cec24339-4703-46e3-8c35-d11c23ae5fbe-1024x83.png.webp 1024w, https:\/\/fotomagico.com\/wp-content\/uploads\/2023\/06\/cec24339-4703-46e3-8c35-d11c23ae5fbe-300x24.png.webp 300w, https:\/\/fotomagico.com\/wp-content\/uploads\/2023\/06\/cec24339-4703-46e3-8c35-d11c23ae5fbe-768x62.png.webp 768w, https:\/\/fotomagico.com\/wp-content\/uploads\/2023\/06\/cec24339-4703-46e3-8c35-d11c23ae5fbe-18x1.png.webp 18w, https:\/\/fotomagico.com\/wp-content\/uploads\/2023\/06\/cec24339-4703-46e3-8c35-d11c23ae5fbe.png.webp 1188w\" sizes=\"(max-width: 1024px) 100vw, 1024px\" type=\"image\/webp\"><img loading=\"lazy\" decoding=\"async\" width=\"1024\" height=\"83\" src=\"https:\/\/fotomagico.com\/wp-content\/uploads\/2023\/06\/cec24339-4703-46e3-8c35-d11c23ae5fbe-1024x83.png\" alt=\"\" class=\"wp-image-6106 webpexpress-processed\" srcset=\"https:\/\/fotomagico.com\/wp-content\/uploads\/2023\/06\/cec24339-4703-46e3-8c35-d11c23ae5fbe-1024x83.png 1024w, https:\/\/fotomagico.com\/wp-content\/uploads\/2023\/06\/cec24339-4703-46e3-8c35-d11c23ae5fbe-300x24.png 300w, https:\/\/fotomagico.com\/wp-content\/uploads\/2023\/06\/cec24339-4703-46e3-8c35-d11c23ae5fbe-768x62.png 768w, https:\/\/fotomagico.com\/wp-content\/uploads\/2023\/06\/cec24339-4703-46e3-8c35-d11c23ae5fbe-18x1.png 18w, https:\/\/fotomagico.com\/wp-content\/uploads\/2023\/06\/cec24339-4703-46e3-8c35-d11c23ae5fbe.png 1188w\" sizes=\"(max-width: 1024px) 100vw, 1024px\"><\/picture><\/figure>\n\n\n\n<ul class=\"wp-block-list\">\n<li>Arraste a margem esquerda de uma faixa de \u00e1udio para modificar o deslocamento do fadein.<\/li>\n\n\n\n<li>Arraste o ponto quadrado amarelo na extremidade esquerda para ajustar a dura\u00e7\u00e3o do fadein.<\/li>\n\n\n\n<li>Arraste o ponto quadrado amarelo na extremidade direita para ajustar a dura\u00e7\u00e3o do fadeout.<\/li>\n\n\n\n<li>Arraste a extremidade direita de uma faixa de \u00e1udio para modificar o seu desvio de fadeout.<\/li>\n<\/ul>\n\n\n\n<p>\u00c0 medida que faz altera\u00e7\u00f5es, os controlos deslizantes nas Op\u00e7\u00f5es de \u00e1udio s\u00e3o actualizados para refletir os valores actuais. Tamb\u00e9m pode utilizar estes controlos deslizantes ou os campos de texto \u00e0 sua direita para introduzir valores de dura\u00e7\u00e3o espec\u00edficos.<\/p>\n\n\n\n<div id=\"mainbox\">\n    <p id=\"iconP\">\ud83d\udcac<\/p>\n    <div id=\"textP\"><p>Se pretender voltar aos valores predefinidos, basta clicar nas caixas de verifica\u00e7\u00e3o Autom\u00e1tico para fadein ou fadeout.<\/p><\/div>\n<\/div>\n\t\t<style>#mainbox{\n    background-color:rgb(248,248,248);\n    color:rgb(102,102,102);\n    padding:10px;\n    border: 1px solid rgb(248,248,248);\n    border-radius:4px;\n    display:flex !IMPORTANT;\n    flex-wrap: wrap;\n    flex-direction: row;\n    justify-content : flex-start;\n    align-items : flex-start\n    align-content : flex-start;\n    margin-top:30px;\n    margin-bottom: 30px;\n    \n}\n#iconP {\n    display:flex !IMPORTANT;\n    \n    width:40px;\n     align-content : flex-start;\n    \n}\n#textP{\n    display:flex !IMPORTANT;\n    flex-grow: 1;\n    width:200px;\n    padding:0;\n    margin:0;\n    align-content : flex-start;\n}<\/style>\n\t\t\n\n\n<h2 class=\"wp-block-heading\">Ponto de entrada e sa\u00edda<\/h2>\n\n\n\n<p>Nalguns casos, pode querer cortar o \u00e1udio, por exemplo, para cortar uma introdu\u00e7\u00e3o ou um final indesejados de uma m\u00fasica. Neste caso, modifique os pontos de entrada e sa\u00edda arrastando os c\u00edrculos. Pode afinar os pontos de entrada e sa\u00edda utilizando as jogwheels por baixo do seletor. Tamb\u00e9m \u00e9 poss\u00edvel introduzir um c\u00f3digo de tempo nos campos de texto.<\/p>\n\n\n\n<figure class=\"wp-block-image size-full\"><picture><source srcset=\"https:\/\/fotomagico.com\/wp-content\/uploads\/2023\/06\/6588519d-3a8f-4b49-8abc-666832f60446.png.webp 572w, https:\/\/fotomagico.com\/wp-content\/uploads\/2023\/06\/6588519d-3a8f-4b49-8abc-666832f60446-300x67.png.webp 300w, https:\/\/fotomagico.com\/wp-content\/uploads\/2023\/06\/6588519d-3a8f-4b49-8abc-666832f60446-18x4.png.webp 18w\" sizes=\"(max-width: 572px) 100vw, 572px\" type=\"image\/webp\"><img loading=\"lazy\" decoding=\"async\" width=\"572\" height=\"128\" src=\"https:\/\/fotomagico.com\/wp-content\/uploads\/2023\/06\/6588519d-3a8f-4b49-8abc-666832f60446.png\" alt=\"\" class=\"wp-image-6107 webpexpress-processed\" srcset=\"https:\/\/fotomagico.com\/wp-content\/uploads\/2023\/06\/6588519d-3a8f-4b49-8abc-666832f60446.png 572w, https:\/\/fotomagico.com\/wp-content\/uploads\/2023\/06\/6588519d-3a8f-4b49-8abc-666832f60446-300x67.png 300w, https:\/\/fotomagico.com\/wp-content\/uploads\/2023\/06\/6588519d-3a8f-4b49-8abc-666832f60446-18x4.png 18w\" sizes=\"(max-width: 572px) 100vw, 572px\"><\/picture><\/figure>\n\n\n\n<h2 class=\"wp-block-heading\">Envelopes de volume<\/h2>\n\n\n\n<p>Os envelopes de volume s\u00e3o uma funcionalidade avan\u00e7ada do FotoMagico para alterar o volume do \u00e1udio ao longo do tempo. Esta \u00e9 uma alternativa ao ducking, que foi descrito acima. O ducking \u00e9 f\u00e1cil de usar, mas em alguns casos n\u00e3o \u00e9 suficientemente flex\u00edvel. Os envelopes de volume permitem um controlo manual mais preciso, mas n\u00e3o oferecem o abaixamento \"autom\u00e1tico\" que o ducking oferece. Cada t\u00e9cnica tem as suas vantagens e desvantagens, pelo que \u00e9 necess\u00e1rio decidir qual a t\u00e9cnica mais adequada para cada caso espec\u00edfico.<\/p>\n\n\n\n<figure class=\"wp-block-image size-large\"><picture><source srcset=\"https:\/\/fotomagico.com\/wp-content\/uploads\/2023\/06\/9dc27304-499a-40d5-b9aa-2667ca997524-1024x53.png.webp 1024w, https:\/\/fotomagico.com\/wp-content\/uploads\/2023\/06\/9dc27304-499a-40d5-b9aa-2667ca997524-300x16.png.webp 300w, https:\/\/fotomagico.com\/wp-content\/uploads\/2023\/06\/9dc27304-499a-40d5-b9aa-2667ca997524-768x40.png.webp 768w, https:\/\/fotomagico.com\/wp-content\/uploads\/2023\/06\/9dc27304-499a-40d5-b9aa-2667ca997524-1536x80.png.webp 1536w, https:\/\/fotomagico.com\/wp-content\/uploads\/2023\/06\/9dc27304-499a-40d5-b9aa-2667ca997524-18x1.png.webp 18w, https:\/\/fotomagico.com\/wp-content\/uploads\/2023\/06\/9dc27304-499a-40d5-b9aa-2667ca997524.png.webp 1878w\" sizes=\"(max-width: 1024px) 100vw, 1024px\" type=\"image\/webp\"><img loading=\"lazy\" decoding=\"async\" width=\"1024\" height=\"53\" src=\"https:\/\/fotomagico.com\/wp-content\/uploads\/2023\/06\/9dc27304-499a-40d5-b9aa-2667ca997524-1024x53.png\" alt=\"\" class=\"wp-image-6108 webpexpress-processed\" srcset=\"https:\/\/fotomagico.com\/wp-content\/uploads\/2023\/06\/9dc27304-499a-40d5-b9aa-2667ca997524-1024x53.png 1024w, https:\/\/fotomagico.com\/wp-content\/uploads\/2023\/06\/9dc27304-499a-40d5-b9aa-2667ca997524-300x16.png 300w, https:\/\/fotomagico.com\/wp-content\/uploads\/2023\/06\/9dc27304-499a-40d5-b9aa-2667ca997524-768x40.png 768w, https:\/\/fotomagico.com\/wp-content\/uploads\/2023\/06\/9dc27304-499a-40d5-b9aa-2667ca997524-1536x80.png 1536w, https:\/\/fotomagico.com\/wp-content\/uploads\/2023\/06\/9dc27304-499a-40d5-b9aa-2667ca997524-18x1.png 18w, https:\/\/fotomagico.com\/wp-content\/uploads\/2023\/06\/9dc27304-499a-40d5-b9aa-2667ca997524.png 1878w\" sizes=\"(max-width: 1024px) 100vw, 1024px\"><\/picture><\/figure>\n\n\n\n<p>Os envelopes de volume s\u00e3o criados adicionando novos pontos \u00e0 linha amarela e alterando-a de uma linha reta para uma curva. Adicione pontos mantendo premido o bot\u00e3o <kbd>\u2318<\/kbd> e clicar na linha amarela. Para apagar um ponto, mantenha novamente premida a tecla <kbd>\u2318<\/kbd> e clique num ponto do envelope.<\/p>\n\n\n\n<p>Para mover pontos, basta clicar e arrast\u00e1-los. Arrastar para cima aumenta o volume, arrastar para baixo diminui o volume. Utilize v\u00e1rios pontos para criar uma curva suave.<\/p>\n\n\n\n<div id=\"mainbox\">\n    <p id=\"iconP\">\ud83d\udcac<\/p>\n    <div id=\"textP\"><p>Os envelopes de volume s\u00e3o sempre relativos ao tempo de \u00e1udio. Se alterar o ponto de entrada do \u00e1udio, ver\u00e1 que o envelope de volume se move juntamente com a forma de onda do \u00e1udio. Isto torna esta t\u00e9cnica muito \u00fatil para aumentar ou diminuir o volume de certas sec\u00e7\u00f5es de uma m\u00fasica ou narra\u00e7\u00e3o gravada.<\/p><\/div>\n<\/div>\n\n\n\n<div id=\"mainboxExc\">\n    <p id=\"iconPExc\">\u26a0<\/p>\n    <div id=\"textPExc\"><p>No entanto, os envelopes de volume n\u00e3o oferecem a temporiza\u00e7\u00e3o autom\u00e1tica do ducking. Com o ducking, pode deslocar os diapositivos e a faixa de \u00e1udio e quase sempre faz \"a coisa certa\". Os envelopes de volume s\u00e3o mais manuais e podem ter de ser ajustados se decidir alterar a ordem dos diapositivos ou o seu tempo.<\/p><\/div>\n<\/div>\n\t\t<style>#mainboxExc{\n    background-color:rgba(255,252,153,0.3);\n    color:#A66621;\n    padding:10px;\n    border: 1px solid rgba(230,144,0,0.5);\n    border-radius:4px;\n    display:flex !IMPORTANT;\n    flex-wrap: wrap;\n    flex-direction: row;\n    justify-content : flex-start;\n    align-items : flex-start\n    align-content : flex-start;\n    margin-top:30px;\n    margin-bottom: 30px; \n    \n}\n#iconPExc {\n    display:flex !IMPORTANT;\n    \n    width:40px;\n     align-content : flex-start;\n    \n}\n#textPExc{\n    display:flex !IMPORTANT;\n    flex-grow: 1;\n    width:200px;\n    padding:0;\n    margin:0;\n    align-content : flex-start;\n}<\/style>\n\t\t\n\n\n<h2 class=\"wp-block-heading\">Sincroniza\u00e7\u00e3o de diapositivos com \u00e1udio<\/h2>\n\n\n\n<p>Os diapositivos podem ser sincronizados com o \u00e1udio com a ajuda de <strong>Audiomarcadores<\/strong>. Os marcadores s\u00e3o apresentados na linha de tempo como linhas vermelhas verticais. Observe como as linhas vermelhas se alinham com as transi\u00e7\u00f5es. Isto requer dois passos:<\/p>\n\n\n\n<figure class=\"wp-block-image size-large\"><picture><source srcset=\"https:\/\/fotomagico.com\/wp-content\/uploads\/2023\/06\/cba3feb5-051d-4988-b913-613e5c9dd982-1024x130.png.webp 1024w, https:\/\/fotomagico.com\/wp-content\/uploads\/2023\/06\/cba3feb5-051d-4988-b913-613e5c9dd982-300x38.png.webp 300w, https:\/\/fotomagico.com\/wp-content\/uploads\/2023\/06\/cba3feb5-051d-4988-b913-613e5c9dd982-768x97.png.webp 768w, https:\/\/fotomagico.com\/wp-content\/uploads\/2023\/06\/cba3feb5-051d-4988-b913-613e5c9dd982-1536x195.png.webp 1536w, https:\/\/fotomagico.com\/wp-content\/uploads\/2023\/06\/cba3feb5-051d-4988-b913-613e5c9dd982-18x2.png.webp 18w, https:\/\/fotomagico.com\/wp-content\/uploads\/2023\/06\/cba3feb5-051d-4988-b913-613e5c9dd982.png.webp 1989w\" sizes=\"(max-width: 1024px) 100vw, 1024px\" type=\"image\/webp\"><img loading=\"lazy\" decoding=\"async\" width=\"1024\" height=\"130\" src=\"https:\/\/fotomagico.com\/wp-content\/uploads\/2023\/06\/cba3feb5-051d-4988-b913-613e5c9dd982-1024x130.png\" alt=\"\" class=\"wp-image-6109 webpexpress-processed\" srcset=\"https:\/\/fotomagico.com\/wp-content\/uploads\/2023\/06\/cba3feb5-051d-4988-b913-613e5c9dd982-1024x130.png 1024w, https:\/\/fotomagico.com\/wp-content\/uploads\/2023\/06\/cba3feb5-051d-4988-b913-613e5c9dd982-300x38.png 300w, https:\/\/fotomagico.com\/wp-content\/uploads\/2023\/06\/cba3feb5-051d-4988-b913-613e5c9dd982-768x97.png 768w, https:\/\/fotomagico.com\/wp-content\/uploads\/2023\/06\/cba3feb5-051d-4988-b913-613e5c9dd982-1536x195.png 1536w, https:\/\/fotomagico.com\/wp-content\/uploads\/2023\/06\/cba3feb5-051d-4988-b913-613e5c9dd982-18x2.png 18w, https:\/\/fotomagico.com\/wp-content\/uploads\/2023\/06\/cba3feb5-051d-4988-b913-613e5c9dd982.png 1989w\" sizes=\"(max-width: 1024px) 100vw, 1024px\"><\/picture><\/figure>\n\n\n\n<ul class=\"wp-block-list\">\n<li>Utilizar o <a href=\"https:\/\/fotomagico.com\/pt-pt\/manual-do-utilizador\/assistentes\/ref-audiomarker-assistant\/\" data-type=\"user-manual\" data-id=\"6391\">Assistente de Audiomarca\u00e7\u00f5es<\/a> para adicionar marcadores a uma faixa de \u00e1udio.<\/li>\n\n\n\n<li>Os diapositivos acima da faixa \u00e1udio t\u00eam de ser mudados para continuar <strong>No marcador de \u00e1udio<\/strong> no <a href=\"https:\/\/fotomagico.com\/pt-pt\/manual-do-utilizador\/referencia\/ref-slide-options\/\" data-type=\"user-manual\" data-id=\"6237\">Op\u00e7\u00f5es de slides<\/a>.<\/li>\n<\/ul>\n\n\n\n<p>Clique com o bot\u00e3o direito do rato na faixa de \u00e1udio e seleccione <span class=\"item\" data-no-auto-translation=\"\">Audio Marker Assistant\u2026<\/span> a partir do menu de contexto. Este assistente oferece dois m\u00e9todos diferentes para criar audiomarcadores:<\/p>\n\n\n\n<ul class=\"wp-block-list\">\n<li>Manual: Toque no bot\u00e3o <kbd>M<\/kbd> tecla com a batida da m\u00fasica enquanto uma can\u00e7\u00e3o est\u00e1 a tocar.<\/li>\n\n\n\n<li>Autom\u00e1tico: Introduzir o <span class=\"caps\">BPM<\/span> (batimentos por minuto), o contador e a frequ\u00eancia com que pretende que um marcador ativo gere automaticamente os marcadores<\/li>\n<\/ul>\n\n\n\n<figure class=\"wp-block-image size-large\"><picture><source srcset=\"https:\/\/fotomagico.com\/wp-content\/uploads\/2023\/06\/0e9ece32-275f-40c1-9d41-f7ba8eb58c03-1024x406.png.webp 1024w, https:\/\/fotomagico.com\/wp-content\/uploads\/2023\/06\/0e9ece32-275f-40c1-9d41-f7ba8eb58c03-300x119.png.webp 300w, https:\/\/fotomagico.com\/wp-content\/uploads\/2023\/06\/0e9ece32-275f-40c1-9d41-f7ba8eb58c03-768x304.png.webp 768w, https:\/\/fotomagico.com\/wp-content\/uploads\/2023\/06\/0e9ece32-275f-40c1-9d41-f7ba8eb58c03-1536x608.png.webp 1536w, https:\/\/fotomagico.com\/wp-content\/uploads\/2023\/06\/0e9ece32-275f-40c1-9d41-f7ba8eb58c03-18x7.png.webp 18w, https:\/\/fotomagico.com\/wp-content\/uploads\/2023\/06\/0e9ece32-275f-40c1-9d41-f7ba8eb58c03.png.webp 2048w\" sizes=\"(max-width: 1024px) 100vw, 1024px\" type=\"image\/webp\"><img loading=\"lazy\" decoding=\"async\" width=\"1024\" height=\"406\" src=\"https:\/\/fotomagico.com\/wp-content\/uploads\/2023\/06\/0e9ece32-275f-40c1-9d41-f7ba8eb58c03-1024x406.png\" alt=\"\" class=\"wp-image-6110 webpexpress-processed\" srcset=\"https:\/\/fotomagico.com\/wp-content\/uploads\/2023\/06\/0e9ece32-275f-40c1-9d41-f7ba8eb58c03-1024x406.png 1024w, https:\/\/fotomagico.com\/wp-content\/uploads\/2023\/06\/0e9ece32-275f-40c1-9d41-f7ba8eb58c03-300x119.png 300w, https:\/\/fotomagico.com\/wp-content\/uploads\/2023\/06\/0e9ece32-275f-40c1-9d41-f7ba8eb58c03-768x304.png 768w, https:\/\/fotomagico.com\/wp-content\/uploads\/2023\/06\/0e9ece32-275f-40c1-9d41-f7ba8eb58c03-1536x608.png 1536w, https:\/\/fotomagico.com\/wp-content\/uploads\/2023\/06\/0e9ece32-275f-40c1-9d41-f7ba8eb58c03-18x7.png 18w, https:\/\/fotomagico.com\/wp-content\/uploads\/2023\/06\/0e9ece32-275f-40c1-9d41-f7ba8eb58c03.png 2048w\" sizes=\"(max-width: 1024px) 100vw, 1024px\"><\/picture><\/figure>\n\n\n\n<p>Para mover um marcador individual, basta arrast\u00e1-lo horizontalmente. Para mover todos os marcadores de uma s\u00f3 vez, mantenha premido o bot\u00e3o <kbd>\u2325<\/kbd> e arraste um marcador. Reproduza a m\u00fasica v\u00e1rias vezes at\u00e9 ficar satisfeito com os resultados e, em seguida, clique em <span class=\"button\">Aplicar<\/span>. Os diapositivos acima da faixa de \u00e1udio ser\u00e3o automaticamente mudados para <strong>Continuar em Audiomarker<\/strong>.<\/p>\n\n\n\n<p>Para saber mais sobre a cria\u00e7\u00e3o de audiomarcadores, consulte <a href=\"https:\/\/fotomagico.com\/pt-pt\/manual-do-utilizador\/assistentes\/ref-audiomarker-assistant\/\" data-type=\"user-manual\" data-id=\"6391\">Assistente de Audiomarca\u00e7\u00f5es<\/a>.<\/p>\n\n\n\n<div id=\"mainbox\">\n    <p id=\"iconP\">\ud83d\udcac<\/p>\n    <div id=\"textP\"><p>As m\u00fasicas snippets que acompanham o FotoMagico (dispon\u00edveis como downloads adicionais) j\u00e1 cont\u00eam marcadores de \u00e1udio, pelo que n\u00e3o precisa de perder tempo a criar marcadores. Basta arrastar uma m\u00fasica snippet para o Storyboard e os diapositivos s\u00e3o automaticamente sincronizados ao ritmo da m\u00fasica.<\/p><\/div>\n<\/div>","protected":false},"excerpt":{"rendered":"<p>FotoMagico offers up to 3 tracks for audio content. The three dedicated tracks are actually just a recommendation. If you want you may put any audio content in any track. Adding Audio To add audio to your slideshow, drag an audio file to the Storyboard. A yellow highlight will indicate where the audio will be [&hellip;]<\/p>\n","protected":false},"author":3,"featured_media":0,"parent":6050,"menu_order":31,"template":"","meta":{"_acf_changed":false,"footnotes":""},"categories":[45,43],"tags":[],"class_list":["post-6101","user-manual","type-user-manual","status-publish","hentry","category-mac","category-manual"],"acf":[],"_links":{"self":[{"href":"https:\/\/fotomagico.com\/pt-pt\/wp-json\/wp\/v2\/user-manual\/6101","targetHints":{"allow":["GET"]}}],"collection":[{"href":"https:\/\/fotomagico.com\/pt-pt\/wp-json\/wp\/v2\/user-manual"}],"about":[{"href":"https:\/\/fotomagico.com\/pt-pt\/wp-json\/wp\/v2\/types\/user-manual"}],"author":[{"embeddable":true,"href":"https:\/\/fotomagico.com\/pt-pt\/wp-json\/wp\/v2\/users\/3"}],"version-history":[{"count":5,"href":"https:\/\/fotomagico.com\/pt-pt\/wp-json\/wp\/v2\/user-manual\/6101\/revisions"}],"predecessor-version":[{"id":7198,"href":"https:\/\/fotomagico.com\/pt-pt\/wp-json\/wp\/v2\/user-manual\/6101\/revisions\/7198"}],"up":[{"embeddable":true,"href":"https:\/\/fotomagico.com\/pt-pt\/wp-json\/wp\/v2\/user-manual\/6050"}],"wp:attachment":[{"href":"https:\/\/fotomagico.com\/pt-pt\/wp-json\/wp\/v2\/media?parent=6101"}],"wp:term":[{"taxonomy":"category","embeddable":true,"href":"https:\/\/fotomagico.com\/pt-pt\/wp-json\/wp\/v2\/categories?post=6101"},{"taxonomy":"post_tag","embeddable":true,"href":"https:\/\/fotomagico.com\/pt-pt\/wp-json\/wp\/v2\/tags?post=6101"}],"curies":[{"name":"wp","href":"https:\/\/api.w.org\/{rel}","templated":true}]}}